{"id":17,"date":"2024-11-26T04:12:24","date_gmt":"2024-11-26T04:12:24","guid":{"rendered":"https:\/\/pl-gr-business-gala.gr\/?page_id=17"},"modified":"2025-11-27T17:10:34","modified_gmt":"2025-11-27T17:10:34","slug":"laureaci","status":"publish","type":"page","link":"https:\/\/pl-gr-business-gala.gr\/?page_id=17","title":{"rendered":"Laureaci Gali 2024"},"content":{"rendered":"\t\t<div data-elementor-type=\"wp-page\" data-elementor-id=\"17\" class=\"elementor elementor-17\">\n\t\t\t\t<div class=\"elementor-element elementor-element-40eb95c e-flex e-con-boxed e-con e-parent\" data-id=\"40eb95c\" data-element_type=\"container\">\n\t\t\t\t\t<div class=\"e-con-inner\">\n\t\t<div class=\"elementor-element elementor-element-72bd95f e-con-full e-flex e-con e-child\" data-id=\"72bd95f\" data-element_type=\"container\">\n\t\t\t\t<div class=\"elementor-element elementor-element-901dea4 elementor-widget elementor-widget-image\" data-id=\"901dea4\" data-element_type=\"widget\" data-widget_type=\"image.default\">\n\t\t\t\t<div class=\"elementor-widget-container\">\n\t\t\t\t\t\t\t\t\t\t\t\t\t<img fetchpriority=\"high\" decoding=\"async\" width=\"300\" height=\"269\" src=\"https:\/\/pl-gr-business-gala.gr\/wp-content\/uploads\/2024\/11\/FB_IMG_1731325816793-300x269.jpg\" class=\"attachment-medium size-medium wp-image-66\" alt=\"\" srcset=\"https:\/\/pl-gr-business-gala.gr\/wp-content\/uploads\/2024\/11\/FB_IMG_1731325816793-300x269.jpg 300w, https:\/\/pl-gr-business-gala.gr\/wp-content\/uploads\/2024\/11\/FB_IMG_1731325816793-1024x919.jpg 1024w, https:\/\/pl-gr-business-gala.gr\/wp-content\/uploads\/2024\/11\/FB_IMG_1731325816793-768x689.jpg 768w, https:\/\/pl-gr-business-gala.gr\/wp-content\/uploads\/2024\/11\/FB_IMG_1731325816793.jpg 1080w\" sizes=\"(max-width: 300px) 100vw, 300px\" \/>\t\t\t\t\t\t\t\t\t\t\t\t\t<\/div>\n\t\t\t\t<\/div>\n\t\t\t\t<\/div>\n\t\t<div class=\"elementor-element elementor-element-523466c e-con-full e-flex e-con e-child\" data-id=\"523466c\" data-element_type=\"container\">\n\t\t\t\t<div class=\"elementor-element elementor-element-a3e7ab1 elementor-widget elementor-widget-text-editor\" data-id=\"a3e7ab1\" data-element_type=\"widget\" data-widget_type=\"text-editor.default\">\n\t\t\t\t<div class=\"elementor-widget-container\">\n\t\t\t\t\t\t\t<h3>W poszczeg\u00f3lnych kategoriach<\/h3><h3>Or\u0142a Polsko &#8211; Greckiej Wsp\u00f3\u0142pracy<\/h3><h3>2024<\/h3><h3>oraz szczeg\u00f3lne wyr\u00f3\u017cnienie<\/h3><h3>otrzyma\u0142y nast\u0119puj\u0105ce firmy i osoby:<\/h3>\t\t\t\t\t\t<\/div>\n\t\t\t\t<\/div>\n\t\t\t\t<\/div>\n\t\t\t\t\t<\/div>\n\t\t\t\t<\/div>\n\t\t<div class=\"elementor-element elementor-element-e168e7e e-flex e-con-boxed e-con e-parent\" data-id=\"e168e7e\" data-element_type=\"container\">\n\t\t\t\t\t<div class=\"e-con-inner\">\n\t\t\t\t<div class=\"elementor-element elementor-element-1bd941f elementor-widget elementor-widget-heading\" data-id=\"1bd941f\" data-element_type=\"widget\" data-widget_type=\"heading.default\">\n\t\t\t\t<div class=\"elementor-widget-container\">\n\t\t\t<h2 class=\"elementor-heading-title elementor-size-default\">W kategorii Sta\u0142a Obecno\u015b\u0107 Polskiej Firmy na Rynku Greckim - Firma najd\u0142u\u017cej utrzymuj\u0105ca si\u0119 na rynku Or\u0142a polsko greckiej wsp\u00f3\u0142pracy otrzymuje firma:<\/h2>\t\t<\/div>\n\t\t\t\t<\/div>\n\t\t\t\t\t<\/div>\n\t\t\t\t<\/div>\n\t\t<div class=\"elementor-element elementor-element-73d17ff e-grid e-con-boxed e-con e-parent\" data-id=\"73d17ff\" data-element_type=\"container\">\n\t\t\t\t\t<div class=\"e-con-inner\">\n\t\t\t\t<div class=\"elementor-element elementor-element-ee59f33 elementor-widget elementor-widget-text-editor\" data-id=\"ee59f33\" data-element_type=\"widget\" data-widget_type=\"text-editor.default\">\n\t\t\t\t<div class=\"elementor-widget-container\">\n\t\t\t\t\t\t\t<p><em>Zanko Tours zas\u0142uguje na nominacj\u0119 za swoj\u0105 d\u0142ugoletni\u0105 i nieprzerwan\u0105 dzia\u0142alno\u015b\u0107 na rynku greckim. Firma od lat oferuje Polakom i Grekom kompleksowe us\u0142ugi turystyczne, organizuj\u0105c niezapomniane wycieczki po Grecji oraz promuj\u0105c jej kultur\u0119 i atrakcje w\u015br\u00f3d turyst\u00f3w z Polski. Zanko Tours przyczynia si\u0119 do rozwoju polsko-greckiej turystyki, wspieraj\u0105c integracj\u0119 i wzajemne poznanie obu narod\u00f3w. D\u0142ugotrwa\u0142a obecno\u015b\u0107 na rynku \u015bwiadczy o ich niezawodno\u015bci i wysokiej jako\u015bci us\u0142ug.<\/em><\/p>\t\t\t\t\t\t<\/div>\n\t\t\t\t<\/div>\n\t\t\t\t<div class=\"elementor-element elementor-element-8e1c81a elementor-widget elementor-widget-image\" data-id=\"8e1c81a\" data-element_type=\"widget\" data-widget_type=\"image.default\">\n\t\t\t\t<div class=\"elementor-widget-container\">\n\t\t\t\t\t\t\t\t\t\t\t\t\t<img decoding=\"async\" width=\"264\" height=\"104\" src=\"https:\/\/pl-gr-business-gala.gr\/wp-content\/uploads\/2024\/11\/zanko.jpg\" class=\"attachment-medium size-medium wp-image-133\" alt=\"\" \/>\t\t\t\t\t\t\t\t\t\t\t\t\t<\/div>\n\t\t\t\t<\/div>\n\t\t\t\t\t<\/div>\n\t\t\t\t<\/div>\n\t\t<div class=\"elementor-element elementor-element-08a3cca e-flex e-con-boxed e-con e-parent\" data-id=\"08a3cca\" data-element_type=\"container\">\n\t\t\t\t\t<div class=\"e-con-inner\">\n\t\t\t\t<div class=\"elementor-element elementor-element-bc2bd2d elementor-widget elementor-widget-heading\" data-id=\"bc2bd2d\" data-element_type=\"widget\" data-widget_type=\"heading.default\">\n\t\t\t\t<div class=\"elementor-widget-container\">\n\t\t\t<h2 class=\"elementor-heading-title elementor-size-default\">W kategorii Biura Podr\u00f3\u017cy \u2013 Agencje Turystyczne Wyr\u00f3\u017cniaj\u0105ce si\u0119 Profesjonalizmem i Indywidualnym Podej\u015bciem do Klient\u00f3w Or\u0142a polsko greckiej wsp\u00f3\u0142pracy otrzymuje firma:<\/h2>\t\t<\/div>\n\t\t\t\t<\/div>\n\t\t\t\t\t<\/div>\n\t\t\t\t<\/div>\n\t\t<div class=\"elementor-element elementor-element-0bed114 e-flex e-con-boxed e-con e-parent\" data-id=\"0bed114\" data-element_type=\"container\">\n\t\t\t\t\t<div class=\"e-con-inner\">\n\t\t<div class=\"elementor-element elementor-element-426763e e-con-full e-flex e-con e-child\" data-id=\"426763e\" data-element_type=\"container\">\n\t\t\t\t<div class=\"elementor-element elementor-element-515e28b elementor-widget elementor-widget-image\" data-id=\"515e28b\" data-element_type=\"widget\" data-widget_type=\"image.default\">\n\t\t\t\t<div class=\"elementor-widget-container\">\n\t\t\t\t\t\t\t\t\t\t\t\t\t<img decoding=\"async\" width=\"300\" height=\"201\" src=\"https:\/\/pl-gr-business-gala.gr\/wp-content\/uploads\/2024\/11\/logo-MamWas-Travel-300x201.png\" class=\"attachment-medium size-medium wp-image-134\" alt=\"\" srcset=\"https:\/\/pl-gr-business-gala.gr\/wp-content\/uploads\/2024\/11\/logo-MamWas-Travel-300x201.png 300w, https:\/\/pl-gr-business-gala.gr\/wp-content\/uploads\/2024\/11\/logo-MamWas-Travel-768x514.png 768w, https:\/\/pl-gr-business-gala.gr\/wp-content\/uploads\/2024\/11\/logo-MamWas-Travel.png 1024w\" sizes=\"(max-width: 300px) 100vw, 300px\" \/>\t\t\t\t\t\t\t\t\t\t\t\t\t<\/div>\n\t\t\t\t<\/div>\n\t\t\t\t<\/div>\n\t\t<div class=\"elementor-element elementor-element-4a757c0 e-con-full e-flex e-con e-child\" data-id=\"4a757c0\" data-element_type=\"container\">\n\t\t\t\t<div class=\"elementor-element elementor-element-a04abfd elementor-widget elementor-widget-text-editor\" data-id=\"a04abfd\" data-element_type=\"widget\" data-widget_type=\"text-editor.default\">\n\t\t\t\t<div class=\"elementor-widget-container\">\n\t\t\t\t\t\t\t<p><em>MamWas Travel jest nominowane za innowacyjne podej\u015bcie do organizowania wyjazd\u00f3w oraz wyj\u0105tkow\u0105 zdolno\u015b\u0107 personalizacji ofert. Biuro s\u0142ynie z organizowania niezapomnianych wycieczek, dostosowanych do indywidualnych preferencji klient\u00f3w, zapewniaj\u0105c im nie tylko komfort, ale i mo\u017cliwo\u015b\u0107 odkrycia mniej znanych, autentycznych miejsc w Grecji. MamWas Travel anga\u017cuje si\u0119 tak\u017ce w budowanie trwa\u0142ych relacji z klientami, dzi\u0119ki czemu zdoby\u0142o lojalno\u015b\u0107 wielu sta\u0142ych podr\u00f3\u017cnik\u00f3w.<\/em><\/p>\t\t\t\t\t\t<\/div>\n\t\t\t\t<\/div>\n\t\t\t\t<\/div>\n\t\t\t\t\t<\/div>\n\t\t\t\t<\/div>\n\t\t<div class=\"elementor-element elementor-element-27d2dca e-flex e-con-boxed e-con e-parent\" data-id=\"27d2dca\" data-element_type=\"container\">\n\t\t\t\t\t<div class=\"e-con-inner\">\n\t\t\t\t<div class=\"elementor-element elementor-element-eec2b69 elementor-widget elementor-widget-heading\" data-id=\"eec2b69\" data-element_type=\"widget\" data-widget_type=\"heading.default\">\n\t\t\t\t<div class=\"elementor-widget-container\">\n\t\t\t<h2 class=\"elementor-heading-title elementor-size-default\">Szczeg\u00f3lne wyr\u00f3\u017cnienie w tej samej kategorii otrzymuje firma:<\/h2>\t\t<\/div>\n\t\t\t\t<\/div>\n\t\t\t\t\t<\/div>\n\t\t\t\t<\/div>\n\t\t<div class=\"elementor-element elementor-element-a682179 e-flex e-con-boxed e-con e-parent\" data-id=\"a682179\" data-element_type=\"container\">\n\t\t\t\t\t<div class=\"e-con-inner\">\n\t\t<div class=\"elementor-element elementor-element-0c216a8 e-con-full e-flex e-con e-child\" data-id=\"0c216a8\" data-element_type=\"container\">\n\t\t\t\t<div class=\"elementor-element elementor-element-3008699 elementor-widget elementor-widget-text-editor\" data-id=\"3008699\" data-element_type=\"widget\" data-widget_type=\"text-editor.default\">\n\t\t\t\t<div class=\"elementor-widget-container\">\n\t\t\t\t\t\t\t<p><em>Magic Tours zas\u0142uguje na nominacj\u0119 za szerok\u0105 ofert\u0119 turystyczn\u0105 na popularnych greckich wyspach, takich jak Zakynthos, Korfu, Rodos i Kos. Biuro oferuje nie tylko standardowe wycieczki, ale tak\u017ce autentyczne do\u015bwiadczenia, kt\u00f3re ukazuj\u0105 lokaln\u0105 kultur\u0119, tradycje i pi\u0119kno natury. Profesjonalna obs\u0142uga oraz pasja do Grecji sprawiaj\u0105, \u017ce tury\u015bci wracaj\u0105 do Magic Tours, ceni\u0105c ich indywidualne podej\u015bcie i wysok\u0105 jako\u015b\u0107 us\u0142ug.<\/em><\/p>\t\t\t\t\t\t<\/div>\n\t\t\t\t<\/div>\n\t\t\t\t<\/div>\n\t\t<div class=\"elementor-element elementor-element-ea60c88 e-con-full e-flex e-con e-child\" data-id=\"ea60c88\" data-element_type=\"container\">\n\t\t\t\t<div class=\"elementor-element elementor-element-d35a9d5 elementor-widget elementor-widget-image\" data-id=\"d35a9d5\" data-element_type=\"widget\" data-widget_type=\"image.default\">\n\t\t\t\t<div class=\"elementor-widget-container\">\n\t\t\t\t\t\t\t\t\t\t\t\t\t<img loading=\"lazy\" decoding=\"async\" width=\"296\" height=\"300\" src=\"https:\/\/pl-gr-business-gala.gr\/wp-content\/uploads\/2024\/11\/mt-logo3-296x300.png\" class=\"attachment-medium size-medium wp-image-135\" alt=\"\" srcset=\"https:\/\/pl-gr-business-gala.gr\/wp-content\/uploads\/2024\/11\/mt-logo3-296x300.png 296w, https:\/\/pl-gr-business-gala.gr\/wp-content\/uploads\/2024\/11\/mt-logo3.png 548w\" sizes=\"(max-width: 296px) 100vw, 296px\" \/>\t\t\t\t\t\t\t\t\t\t\t\t\t<\/div>\n\t\t\t\t<\/div>\n\t\t\t\t<\/div>\n\t\t\t\t\t<\/div>\n\t\t\t\t<\/div>\n\t\t<div class=\"elementor-element elementor-element-b331764 e-flex e-con-boxed e-con e-parent\" data-id=\"b331764\" data-element_type=\"container\">\n\t\t\t\t\t<div class=\"e-con-inner\">\n\t\t\t\t<div class=\"elementor-element elementor-element-c564e23 elementor-widget elementor-widget-heading\" data-id=\"c564e23\" data-element_type=\"widget\" data-widget_type=\"heading.default\">\n\t\t\t\t<div class=\"elementor-widget-container\">\n\t\t\t<h2 class=\"elementor-heading-title elementor-size-default\">W kategorii Eksporter Roku 2024 Grecja \u2013 Polska\nOr\u0142a wsp\u00f3\u0142pracy Polsko - Grdeckiej otrzymuje firma:<\/h2>\t\t<\/div>\n\t\t\t\t<\/div>\n\t\t\t\t\t<\/div>\n\t\t\t\t<\/div>\n\t\t<div class=\"elementor-element elementor-element-9cca646 e-grid e-con-boxed e-con e-parent\" data-id=\"9cca646\" data-element_type=\"container\">\n\t\t\t\t\t<div class=\"e-con-inner\">\n\t\t\t\t<div class=\"elementor-element elementor-element-28767b3 elementor-widget elementor-widget-image\" data-id=\"28767b3\" data-element_type=\"widget\" data-widget_type=\"image.default\">\n\t\t\t\t<div class=\"elementor-widget-container\">\n\t\t\t\t\t\t\t\t\t\t\t\t\t<img loading=\"lazy\" decoding=\"async\" width=\"162\" height=\"51\" src=\"https:\/\/pl-gr-business-gala.gr\/wp-content\/uploads\/2024\/11\/logo-1.png\" class=\"attachment-1536x1536 size-1536x1536 wp-image-137\" alt=\"\" \/>\t\t\t\t\t\t\t\t\t\t\t\t\t<\/div>\n\t\t\t\t<\/div>\n\t\t\t\t<div class=\"elementor-element elementor-element-90e4bab elementor-widget elementor-widget-text-editor\" data-id=\"90e4bab\" data-element_type=\"widget\" data-widget_type=\"text-editor.default\">\n\t\t\t\t<div class=\"elementor-widget-container\">\n\t\t\t\t\t\t\t<p><em>Bagora to firma specjalizuj\u0105c si\u0119 w promocji polskich producent\u00f3w na greckim rynku. Od ponad dekady Bagora nie tylko promuje polskie produkty, ale tak\u017ce buduje silne i d\u0142ugotrwa\u0142e relacje z kluczowymi sieciami supermarket\u00f3w w Grecji oraz Polsce, dzi\u0119ki czemu polskie wyroby staj\u0105 si\u0119 coraz bardziej dost\u0119pne na mi\u0119dzynarodowej scenie.<\/em><\/p><p><em>\u00a0<\/em><em>Dzi\u0119ki profesjonalizmowi, zaanga\u017cowaniu i ci\u0105g\u0142emu d\u0105\u017ceniu do doskona\u0142o\u015bci, Bagora zdoby\u0142a zaufanie klient\u00f3w i konsument\u00f3w, oferuj\u0105c produkty najwy\u017cszej jako\u015bci, kt\u00f3re harmonijnie \u0142\u0105cz\u0105 smaki i tradycje obu kraj\u00f3w. Sukcesy firmy s\u0105 wynikiem sta\u0142ego wysi\u0142ku w promowaniu polskich producent\u00f3w i wprowadzaniu polskich towar\u00f3w na rynek grecki, wspieraj\u0105c tym samym rozw\u00f3j handlu mi\u0119dzy krajami.<\/em><\/p>\t\t\t\t\t\t<\/div>\n\t\t\t\t<\/div>\n\t\t\t\t\t<\/div>\n\t\t\t\t<\/div>\n\t\t<div class=\"elementor-element elementor-element-6fb085f e-flex e-con-boxed e-con e-parent\" data-id=\"6fb085f\" data-element_type=\"container\">\n\t\t\t\t\t<div class=\"e-con-inner\">\n\t\t\t\t<div class=\"elementor-element elementor-element-8ba9f0e elementor-invisible elementor-widget elementor-widget-heading\" data-id=\"8ba9f0e\" data-element_type=\"widget\" data-settings=\"{&quot;_animation&quot;:&quot;fadeInLeft&quot;}\" data-widget_type=\"heading.default\">\n\t\t\t\t<div class=\"elementor-widget-container\">\n\t\t\t<h2 class=\"elementor-heading-title elementor-size-default\">Szczeg\u00f3lne wyr\u00f3\u017cnienie w tej samej kategorii otrzymuje firma:<\/h2>\t\t<\/div>\n\t\t\t\t<\/div>\n\t\t\t\t\t<\/div>\n\t\t\t\t<\/div>\n\t\t<div class=\"elementor-element elementor-element-1d0c9ac e-flex e-con-boxed e-con e-parent\" data-id=\"1d0c9ac\" data-element_type=\"container\">\n\t\t\t\t\t<div class=\"e-con-inner\">\n\t\t<div class=\"elementor-element elementor-element-49cc376 e-con-full e-flex e-con e-child\" data-id=\"49cc376\" data-element_type=\"container\">\n\t\t\t\t<div class=\"elementor-element elementor-element-85467c9 elementor-widget elementor-widget-text-editor\" data-id=\"85467c9\" data-element_type=\"widget\" data-widget_type=\"text-editor.default\">\n\t\t\t\t<div class=\"elementor-widget-container\">\n\t\t\t\t\t\t\t<p><em>Firma ta konsekwentnie buduje swoj\u0105 pozycj\u0119, dostarczaj\u0105c polskim konsumentom wysokiej jako\u015bci greckie produkty, kt\u00f3re ciesz\u0105 si\u0119 coraz wi\u0119kszym uznaniem i popularno\u015bci\u0105.<\/em><\/p><p><em>Grecka marka z sukcesem promuje tradycyjne greckie wyroby, takie jak oliwa z oliwek, wina, sery, produkty spo\u017cywcze, wpisuj\u0105c si\u0119 w rosn\u0105cy trend zdrowego stylu \u017cycia i naturalnych produkt\u00f3w w Polsce. Dzi\u0119ki profesjonalnemu podej\u015bciu do jako\u015bci i zarz\u0105dzania eksportem, firma umocni\u0142a swoje relacje handlowe z polskimi partnerami, zwi\u0119kszaj\u0105c dost\u0119pno\u015b\u0107 greckich produkt\u00f3w w wielu polskich sklepach i sieciach handlowych.<\/em><\/p><p><em>Wyr\u00f3\u017cnia si\u0119 innowacyjno\u015bci\u0105 w podej\u015bciu do rynku, nieustannie dostosowuj\u0105c swoj\u0105 ofert\u0119 do rosn\u0105cych oczekiwa\u0144 polskich konsument\u00f3w. Jej dzia\u0142ania przyczyniaj\u0105 si\u0119 do zacie\u015bniania polsko-greckiej wsp\u00f3\u0142pracy gospodarczej oraz promowania greckiej kultury i tradycji kulinarnej w Polsce.<\/em><\/p><p><em>Za dynamiczny rozw\u00f3j eksportu greckich produkt\u00f3w do Polski, wzmacnianie handlowych wi\u0119zi pomi\u0119dzy Grecj\u0105 a Polsk\u0105 oraz konsekwentne budowanie marki w polskim \u015brodowisku<\/em><\/p>\t\t\t\t\t\t<\/div>\n\t\t\t\t<\/div>\n\t\t\t\t<\/div>\n\t\t<div class=\"elementor-element elementor-element-d8acff1 e-con-full e-flex e-con e-child\" data-id=\"d8acff1\" data-element_type=\"container\">\n\t\t\t\t<div class=\"elementor-element elementor-element-e9a03cd elementor-widget elementor-widget-image\" data-id=\"e9a03cd\" data-element_type=\"widget\" data-widget_type=\"image.default\">\n\t\t\t\t<div class=\"elementor-widget-container\">\n\t\t\t\t\t\t\t\t\t\t\t\t\t<img loading=\"lazy\" decoding=\"async\" width=\"170\" height=\"91\" src=\"https:\/\/pl-gr-business-gala.gr\/wp-content\/uploads\/2024\/11\/Zrzut-ekranu-2024-11-26-134526.png\" class=\"attachment-large size-large wp-image-136\" alt=\"\" \/>\t\t\t\t\t\t\t\t\t\t\t\t\t<\/div>\n\t\t\t\t<\/div>\n\t\t\t\t<\/div>\n\t\t\t\t\t<\/div>\n\t\t\t\t<\/div>\n\t\t<div class=\"elementor-element elementor-element-8f0e4ee e-con-full e-flex e-con e-parent\" data-id=\"8f0e4ee\" data-element_type=\"container\">\n\t\t\t\t<div class=\"elementor-element elementor-element-cc03c02 elementor-widget elementor-widget-heading\" data-id=\"cc03c02\" data-element_type=\"widget\" data-widget_type=\"heading.default\">\n\t\t\t\t<div class=\"elementor-widget-container\">\n\t\t\t<h2 class=\"elementor-heading-title elementor-size-default\">W kategorii \"Eksporter Roku 2024 Polska \u2013 Grecja\",\nOr\u0142a Polsko - Greckiej Wsp\u00f3\u0142pracy otrzymuje firma:<\/h2>\t\t<\/div>\n\t\t\t\t<\/div>\n\t\t\t\t<\/div>\n\t\t<div class=\"elementor-element elementor-element-35020f5 e-flex e-con-boxed e-con e-parent\" data-id=\"35020f5\" data-element_type=\"container\">\n\t\t\t\t\t<div class=\"e-con-inner\">\n\t\t<div class=\"elementor-element elementor-element-c9126c6 e-con-full e-flex e-con e-child\" data-id=\"c9126c6\" data-element_type=\"container\">\n\t\t\t\t<div class=\"elementor-element elementor-element-e5f3089 elementor-widget elementor-widget-image\" data-id=\"e5f3089\" data-element_type=\"widget\" data-widget_type=\"image.default\">\n\t\t\t\t<div class=\"elementor-widget-container\">\n\t\t\t\t\t\t\t\t\t\t\t\t\t\t<a href=\"https:\/\/onyxnails.gr\/?gclid=Cj0KCQiAgJa6BhCOARIsAMiL7V8RRiBV_uyR9IDVvwUlw6KIdIo0waSli1hkoZkN_mxuX9vLkpLQ05kaAiJoEALw_wcB\" target=\"_blank\">\n\t\t\t\t\t\t\t<img loading=\"lazy\" decoding=\"async\" width=\"316\" height=\"117\" src=\"https:\/\/pl-gr-business-gala.gr\/wp-content\/uploads\/2024\/11\/Zrzut-ekranu-2024-11-26-140400.png\" class=\"attachment-large size-large wp-image-138\" alt=\"\" srcset=\"https:\/\/pl-gr-business-gala.gr\/wp-content\/uploads\/2024\/11\/Zrzut-ekranu-2024-11-26-140400.png 316w, https:\/\/pl-gr-business-gala.gr\/wp-content\/uploads\/2024\/11\/Zrzut-ekranu-2024-11-26-140400-300x111.png 300w\" sizes=\"(max-width: 316px) 100vw, 316px\" \/>\t\t\t\t\t\t\t\t<\/a>\n\t\t\t\t\t\t\t\t\t\t\t\t\t<\/div>\n\t\t\t\t<\/div>\n\t\t\t\t<\/div>\n\t\t<div class=\"elementor-element elementor-element-413ef77 e-con-full e-flex e-con e-child\" data-id=\"413ef77\" data-element_type=\"container\">\n\t\t\t\t<div class=\"elementor-element elementor-element-895c6f9 elementor-widget elementor-widget-text-editor\" data-id=\"895c6f9\" data-element_type=\"widget\" data-widget_type=\"text-editor.default\">\n\t\t\t\t<div class=\"elementor-widget-container\">\n\t\t\t\t\t\t\t<p><em>Firma Onyx Nails zas\u0142u\u017cy\u0142a na nominacj\u0119 w kategorii Eksporter Roku 2024 Polska\u2013Grecja ze wzgl\u0119du na jej konsekwentne i innowacyjne podej\u015bcie do ekspansji na rynku greckim. ONYX NAILS wyr\u00f3\u017cnia si\u0119 wysok\u0105 jako\u015bci\u0105 produkt\u00f3w, kt\u00f3re ciesz\u0105 si\u0119 rosn\u0105cym zainteresowaniem greckich odbiorc\u00f3w i charakteryzuj\u0105 si\u0119 unikalnym wzornictwem oraz trwa\u0142o\u015bci\u0105. Dzi\u0119ki silnym relacjom z lokalnymi dystrybutorami i aktywnej promocji, ONYX skutecznie zwi\u0119kszy\u0142 swoj\u0105 obecno\u015b\u0107 na greckim rynku.<\/em><\/p><p><em>Dodatkowo, firma ONYX przyczynia si\u0119 do wzmocnienia wymiany handlowej mi\u0119dzy Polsk\u0105 a Grecj\u0105, co wp\u0142ywa pozytywnie na obie gospodarki. Wykorzystuj\u0105c polskie zasoby i zaawansowane technologie, ONYX z powodzeniem odpowiada na potrzeby greckich konsument\u00f3w, buduj\u0105c jednocze\u015bnie rozpoznawalno\u015b\u0107 marki polskiej za granic\u0105.<\/em><\/p>\t\t\t\t\t\t<\/div>\n\t\t\t\t<\/div>\n\t\t\t\t<\/div>\n\t\t\t\t\t<\/div>\n\t\t\t\t<\/div>\n\t\t<div class=\"elementor-element elementor-element-935753b e-flex e-con-boxed e-con e-parent\" data-id=\"935753b\" data-element_type=\"container\">\n\t\t\t\t\t<div class=\"e-con-inner\">\n\t\t\t\t<div class=\"elementor-element elementor-element-00b0e1c elementor-widget elementor-widget-heading\" data-id=\"00b0e1c\" data-element_type=\"widget\" data-widget_type=\"heading.default\">\n\t\t\t\t<div class=\"elementor-widget-container\">\n\t\t\t<h2 class=\"elementor-heading-title elementor-size-default\">Szczeg\u00f3lne wyr\u00f3\u017cnienie w tej samej kategorii otrzymuje firma:<\/h2>\t\t<\/div>\n\t\t\t\t<\/div>\n\t\t\t\t\t<\/div>\n\t\t\t\t<\/div>\n\t\t<div class=\"elementor-element elementor-element-7dc2f40 e-flex e-con-boxed e-con e-parent\" data-id=\"7dc2f40\" data-element_type=\"container\">\n\t\t\t\t\t<div class=\"e-con-inner\">\n\t\t<div class=\"elementor-element elementor-element-f2c32c3 e-con-full e-flex e-con e-child\" data-id=\"f2c32c3\" data-element_type=\"container\">\n\t\t\t\t<div class=\"elementor-element elementor-element-e93e5e5 elementor-widget elementor-widget-text-editor\" data-id=\"e93e5e5\" data-element_type=\"widget\" data-widget_type=\"text-editor.default\">\n\t\t\t\t<div class=\"elementor-widget-container\">\n\t\t\t\t\t\t\t<p><em>Mlekovita Hellas, grecka filia polskiej mleczarskiej pot\u0119gi, jest przyk\u0142adem firmy, kt\u00f3ra skutecznie promuje polskie produkty spo\u017cywcze na rynku greckim. Dzi\u0119ki intensywnej pracy nad wprowadzaniem wysokiej jako\u015bci wyrob\u00f3w mleczarskich, takich jak sery i jogurty, Mlekovita zyska\u0142a uznanie zar\u00f3wno w sektorze detalicznym, jak i gastronomicznym w Grecji. Firma k\u0142adzie nacisk na utrzymanie tradycyjnych receptur oraz jako\u015bci, co przek\u0142ada si\u0119 na pozytywny wizerunek polskiej \u017cywno\u015bci w Grecji. Ich dzia\u0142ania nie tylko wspieraj\u0105 eksport, ale tak\u017ce przyczyniaj\u0105 si\u0119 do wzrostu wymiany gospodarczej mi\u0119dzy krajami.<\/em><\/p>\t\t\t\t\t\t<\/div>\n\t\t\t\t<\/div>\n\t\t\t\t<\/div>\n\t\t<div class=\"elementor-element elementor-element-334bfd7 e-con-full e-flex e-con e-child\" data-id=\"334bfd7\" data-element_type=\"container\">\n\t\t\t\t<div class=\"elementor-element elementor-element-26e0c95 elementor-widget elementor-widget-image\" data-id=\"26e0c95\" data-element_type=\"widget\" data-widget_type=\"image.default\">\n\t\t\t\t<div class=\"elementor-widget-container\">\n\t\t\t\t\t\t\t\t\t\t\t\t\t\t<a href=\"https:\/\/mlekovitahellas.gr\/\" target=\"_blank\">\n\t\t\t\t\t\t\t<img loading=\"lazy\" decoding=\"async\" width=\"383\" height=\"251\" src=\"https:\/\/pl-gr-business-gala.gr\/wp-content\/uploads\/2024\/11\/MLEKOVITA.jpg\" class=\"attachment-large size-large wp-image-142\" alt=\"\" srcset=\"https:\/\/pl-gr-business-gala.gr\/wp-content\/uploads\/2024\/11\/MLEKOVITA.jpg 383w, https:\/\/pl-gr-business-gala.gr\/wp-content\/uploads\/2024\/11\/MLEKOVITA-300x197.jpg 300w\" sizes=\"(max-width: 383px) 100vw, 383px\" \/>\t\t\t\t\t\t\t\t<\/a>\n\t\t\t\t\t\t\t\t\t\t\t\t\t<\/div>\n\t\t\t\t<\/div>\n\t\t\t\t<\/div>\n\t\t\t\t\t<\/div>\n\t\t\t\t<\/div>\n\t\t<div class=\"elementor-element elementor-element-854a9e8 e-flex e-con-boxed e-con e-parent\" data-id=\"854a9e8\" data-element_type=\"container\">\n\t\t\t\t\t<div class=\"e-con-inner\">\n\t\t\t\t<div class=\"elementor-element elementor-element-97c8618 elementor-widget elementor-widget-heading\" data-id=\"97c8618\" data-element_type=\"widget\" data-widget_type=\"heading.default\">\n\t\t\t\t<div class=\"elementor-widget-container\">\n\t\t\t<h2 class=\"elementor-heading-title elementor-size-default\">W kategorii \"Przedsi\u0119biorczo\u015b\u0107 Kobieca\" \nOr\u0142a Polsko - Greckiej Wsp\u00f3\u0142pracy \notrzymuje:<\/h2>\t\t<\/div>\n\t\t\t\t<\/div>\n\t\t\t\t\t<\/div>\n\t\t\t\t<\/div>\n\t\t<div class=\"elementor-element elementor-element-9603e1a e-flex e-con-boxed e-con e-parent\" data-id=\"9603e1a\" data-element_type=\"container\">\n\t\t\t\t\t<div class=\"e-con-inner\">\n\t\t<div class=\"elementor-element elementor-element-8982331 e-con-full e-flex e-con e-child\" data-id=\"8982331\" data-element_type=\"container\">\n\t\t\t\t<div class=\"elementor-element elementor-element-0c70c4a elementor-widget elementor-widget-image\" data-id=\"0c70c4a\" data-element_type=\"widget\" data-widget_type=\"image.default\">\n\t\t\t\t<div class=\"elementor-widget-container\">\n\t\t\t\t\t\t\t\t\t\t\t\t\t\t<a href=\"https:\/\/www.facebook.com\/mediator.lidia.ostrowska\" target=\"_blank\">\n\t\t\t\t\t\t\t<img loading=\"lazy\" decoding=\"async\" width=\"300\" height=\"300\" src=\"https:\/\/pl-gr-business-gala.gr\/wp-content\/uploads\/2024\/11\/Mediator-Lidia-Ostrowska-300x300.jpg\" class=\"attachment-medium size-medium wp-image-144\" alt=\"\" srcset=\"https:\/\/pl-gr-business-gala.gr\/wp-content\/uploads\/2024\/11\/Mediator-Lidia-Ostrowska-300x300.jpg 300w, https:\/\/pl-gr-business-gala.gr\/wp-content\/uploads\/2024\/11\/Mediator-Lidia-Ostrowska-1024x1024.jpg 1024w, https:\/\/pl-gr-business-gala.gr\/wp-content\/uploads\/2024\/11\/Mediator-Lidia-Ostrowska-150x150.jpg 150w, https:\/\/pl-gr-business-gala.gr\/wp-content\/uploads\/2024\/11\/Mediator-Lidia-Ostrowska-768x768.jpg 768w, https:\/\/pl-gr-business-gala.gr\/wp-content\/uploads\/2024\/11\/Mediator-Lidia-Ostrowska.jpg 1125w\" sizes=\"(max-width: 300px) 100vw, 300px\" \/>\t\t\t\t\t\t\t\t<\/a>\n\t\t\t\t\t\t\t\t\t\t\t\t\t<\/div>\n\t\t\t\t<\/div>\n\t\t\t\t<\/div>\n\t\t<div class=\"elementor-element elementor-element-03f9243 e-con-full e-flex e-con e-child\" data-id=\"03f9243\" data-element_type=\"container\">\n\t\t\t\t<div class=\"elementor-element elementor-element-a6e6d9f elementor-widget elementor-widget-text-editor\" data-id=\"a6e6d9f\" data-element_type=\"widget\" data-widget_type=\"text-editor.default\">\n\t\t\t\t<div class=\"elementor-widget-container\">\n\t\t\t\t\t\t\t<p><strong>Lidia Ostrowska<\/strong><\/p><p><em>Mediator przy Ministerstwie Sprawiedliwo\u015bci i prezes polskiej firmy, kt\u00f3ra rozwija wymian\u0119 handlow\u0105 pomi\u0119dzy Polsk\u0105 a Grecj\u0105. Jej dzia\u0142alno\u015b\u0107 wspiera przedsi\u0119biorczo\u015b\u0107 transgraniczn\u0105 i budowanie most\u00f3w mi\u0119dzy biznesem obu kraj\u00f3w. Lidia Ostrowska, dzi\u0119ki swojej wiedzy i do\u015bwiadczeniu, pomaga firmom wchodzi\u0107 na rynki mi\u0119dzynarodowe i rozwija\u0107 si\u0119 w przestrzeni gospodarczej obu pa\u0144stw.<\/em><\/p><p><em>Od lat zwi\u0105zana z r\u00f3\u017cnorodnymi bran\u017cami w polsko-greckim biznesie, Lidia Ostrowska wykazuje si\u0119 niezwyk\u0142\u0105 wszechstronno\u015bci\u0105 i zaanga\u017cowaniem w r\u00f3\u017cne inicjatywy przedsi\u0119biorcze. Jej zdolno\u015b\u0107 do adaptacji i odnajdywania nowych mo\u017cliwo\u015bci w zmieniaj\u0105cych si\u0119 warunkach gospodarczych stanowi inspiracj\u0119 dla innych kobiet przedsi\u0119biorczych, szczeg\u00f3lnie tych d\u0105\u017c\u0105cych do rozwoju mi\u0119dzynarodowego.<\/em><\/p>\t\t\t\t\t\t<\/div>\n\t\t\t\t<\/div>\n\t\t\t\t<\/div>\n\t\t\t\t\t<\/div>\n\t\t\t\t<\/div>\n\t\t<div class=\"elementor-element elementor-element-900ffdb e-flex e-con-boxed e-con e-parent\" data-id=\"900ffdb\" data-element_type=\"container\">\n\t\t\t\t\t<div class=\"e-con-inner\">\n\t\t\t\t<div class=\"elementor-element elementor-element-08921ea elementor-widget elementor-widget-heading\" data-id=\"08921ea\" data-element_type=\"widget\" data-widget_type=\"heading.default\">\n\t\t\t\t<div class=\"elementor-widget-container\">\n\t\t\t<h2 class=\"elementor-heading-title elementor-size-default\">Szczeg\u00f3lne wyr\u00f3\u017cnienie w tej samej kategorii otrzymuje :<\/h2>\t\t<\/div>\n\t\t\t\t<\/div>\n\t\t\t\t\t<\/div>\n\t\t\t\t<\/div>\n\t\t<div class=\"elementor-element elementor-element-599e778 e-flex e-con-boxed e-con e-parent\" data-id=\"599e778\" data-element_type=\"container\">\n\t\t\t\t\t<div class=\"e-con-inner\">\n\t\t<div class=\"elementor-element elementor-element-06d30aa e-con-full e-flex e-con e-child\" data-id=\"06d30aa\" data-element_type=\"container\">\n\t\t\t\t<div class=\"elementor-element elementor-element-adfdb98 elementor-widget elementor-widget-text-editor\" data-id=\"adfdb98\" data-element_type=\"widget\" data-widget_type=\"text-editor.default\">\n\t\t\t\t<div class=\"elementor-widget-container\">\n\t\t\t\t\t\t\t<p><strong>Lidia Brodzi\u0144ska<\/strong><\/p><p><em>Agent Ubezpieczeniowy specjalizuj\u0105ca si\u0119 w obs\u0142udze polskich firm i klient\u00f3w indywidualnych w Grecji. Lidia dostarcza kompleksowych rozwi\u0105za\u0144 ubezpieczeniowych, kt\u00f3re wspieraj\u0105 stabilno\u015b\u0107 i rozw\u00f3j przedsi\u0119biorstw na rynku greckim. Jej wiedza i do\u015bwiadczenie s\u0105 niezwykle cenne dla wielu polskich klient\u00f3w, kt\u00f3rzy dzi\u0119ki jej wsparciu mog\u0105 bezpiecznie inwestowa\u0107 i prowadzi\u0107 dzia\u0142alno\u015b\u0107 w Grecji.<\/em><\/p>\t\t\t\t\t\t<\/div>\n\t\t\t\t<\/div>\n\t\t\t\t<\/div>\n\t\t<div class=\"elementor-element elementor-element-07a782b e-con-full e-flex e-con e-child\" data-id=\"07a782b\" data-element_type=\"container\">\n\t\t\t\t<div class=\"elementor-element elementor-element-8a90f5f elementor-widget elementor-widget-image\" data-id=\"8a90f5f\" data-element_type=\"widget\" data-widget_type=\"image.default\">\n\t\t\t\t<div class=\"elementor-widget-container\">\n\t\t\t\t\t\t\t\t\t\t\t\t\t<img loading=\"lazy\" decoding=\"async\" width=\"121\" height=\"371\" src=\"https:\/\/pl-gr-business-gala.gr\/wp-content\/uploads\/2024\/11\/Zrzut-ekranu-2024-11-26-143606.png\" class=\"attachment-large size-large wp-image-145\" alt=\"\" srcset=\"https:\/\/pl-gr-business-gala.gr\/wp-content\/uploads\/2024\/11\/Zrzut-ekranu-2024-11-26-143606.png 121w, https:\/\/pl-gr-business-gala.gr\/wp-content\/uploads\/2024\/11\/Zrzut-ekranu-2024-11-26-143606-98x300.png 98w\" sizes=\"(max-width: 121px) 100vw, 121px\" \/>\t\t\t\t\t\t\t\t\t\t\t\t\t<\/div>\n\t\t\t\t<\/div>\n\t\t\t\t<\/div>\n\t\t\t\t\t<\/div>\n\t\t\t\t<\/div>\n\t\t<div class=\"elementor-element elementor-element-4f20afb e-flex e-con-boxed e-con e-parent\" data-id=\"4f20afb\" data-element_type=\"container\">\n\t\t\t\t\t<div class=\"e-con-inner\">\n\t\t<div class=\"elementor-element elementor-element-0aeb8e0 e-con-full e-flex e-con e-child\" data-id=\"0aeb8e0\" data-element_type=\"container\">\n\t\t\t\t<div class=\"elementor-element elementor-element-a272290 elementor-widget elementor-widget-image\" data-id=\"a272290\" data-element_type=\"widget\" data-widget_type=\"image.default\">\n\t\t\t\t<div class=\"elementor-widget-container\">\n\t\t\t\t\t\t\t\t\t\t\t\t\t<img loading=\"lazy\" decoding=\"async\" width=\"298\" height=\"300\" src=\"https:\/\/pl-gr-business-gala.gr\/wp-content\/uploads\/2024\/11\/Renata-Papadakou-298x300.jpg\" class=\"attachment-medium size-medium wp-image-192\" alt=\"\" srcset=\"https:\/\/pl-gr-business-gala.gr\/wp-content\/uploads\/2024\/11\/Renata-Papadakou-298x300.jpg 298w, https:\/\/pl-gr-business-gala.gr\/wp-content\/uploads\/2024\/11\/Renata-Papadakou-1017x1024.jpg 1017w, https:\/\/pl-gr-business-gala.gr\/wp-content\/uploads\/2024\/11\/Renata-Papadakou-150x150.jpg 150w, https:\/\/pl-gr-business-gala.gr\/wp-content\/uploads\/2024\/11\/Renata-Papadakou-768x773.jpg 768w, https:\/\/pl-gr-business-gala.gr\/wp-content\/uploads\/2024\/11\/Renata-Papadakou.jpg 1178w\" sizes=\"(max-width: 298px) 100vw, 298px\" \/>\t\t\t\t\t\t\t\t\t\t\t\t\t<\/div>\n\t\t\t\t<\/div>\n\t\t\t\t<\/div>\n\t\t<div class=\"elementor-element elementor-element-9a117de e-con-full e-flex e-con e-child\" data-id=\"9a117de\" data-element_type=\"container\">\n\t\t\t\t<div class=\"elementor-element elementor-element-8bbbdfd elementor-widget elementor-widget-text-editor\" data-id=\"8bbbdfd\" data-element_type=\"widget\" data-widget_type=\"text-editor.default\">\n\t\t\t\t<div class=\"elementor-widget-container\">\n\t\t\t\t\t\t\t<p><strong>Renata Papadakou<\/strong><\/p><p><strong>\u00a0<\/strong><em>Profesjonalny t\u0142umacz j\u0119zyka polskiego i greckiego, kt\u00f3ry odgrywa kluczow\u0105 rol\u0119 w komunikacji mi\u0119dzy Polakami a Grekami. Jej praca pomaga pokonywa\u0107 bariery j\u0119zykowe i wspiera rozw\u00f3j biznesowy poprzez dok\u0142adne i rzetelne przek\u0142ady, kt\u00f3re s\u0105 nieocenione w mi\u0119dzynarodowych negocjacjach i wsp\u00f3\u0142pracy.<\/em><\/p>\t\t\t\t\t\t<\/div>\n\t\t\t\t<\/div>\n\t\t\t\t<\/div>\n\t\t\t\t\t<\/div>\n\t\t\t\t<\/div>\n\t\t<div class=\"elementor-element elementor-element-cddfc49 e-flex e-con-boxed e-con e-parent\" data-id=\"cddfc49\" data-element_type=\"container\">\n\t\t\t\t\t<div class=\"e-con-inner\">\n\t\t<div class=\"elementor-element elementor-element-c541590 e-con-full e-flex e-con e-child\" data-id=\"c541590\" data-element_type=\"container\">\n\t\t\t\t<div class=\"elementor-element elementor-element-f7d3c11 elementor-widget elementor-widget-text-editor\" data-id=\"f7d3c11\" data-element_type=\"widget\" data-widget_type=\"text-editor.default\">\n\t\t\t\t<div class=\"elementor-widget-container\">\n\t\t\t\t\t\t\t<p><strong>Dagmara Margarita Pats-Katri<\/strong><\/p><p><em>Prawniczka i mediator mieszkaj\u0105ca na Peloponezie. Jej wieloletnia dzia\u0142alno\u015b\u0107 zawodowa \u0142\u0105czy prawo oraz rozwi\u0105zywanie konflikt\u00f3w na drodze mediacji, co ma ogromne znaczenie w mi\u0119dzynarodowych relacjach polsko-greckich. Dzi\u0119ki swojej wiedzy i umiej\u0119tno\u015bciom Dagmara wspiera Polak\u00f3w w Grecji, pomagaj\u0105c im w prawnych aspektach \u017cycia i biznesu, co czyni j\u0105 kluczow\u0105 postaci\u0105 w lokalnej spo\u0142eczno\u015bci.<\/em><\/p>\t\t\t\t\t\t<\/div>\n\t\t\t\t<\/div>\n\t\t\t\t<\/div>\n\t\t<div class=\"elementor-element elementor-element-19f4ce2 e-con-full e-flex e-con e-child\" data-id=\"19f4ce2\" data-element_type=\"container\">\n\t\t\t\t<div class=\"elementor-element elementor-element-73c5f2e elementor-widget elementor-widget-image\" data-id=\"73c5f2e\" data-element_type=\"widget\" data-widget_type=\"image.default\">\n\t\t\t\t<div class=\"elementor-widget-container\">\n\t\t\t\t\t\t\t\t\t\t\t\t\t<img loading=\"lazy\" decoding=\"async\" width=\"300\" height=\"300\" src=\"https:\/\/pl-gr-business-gala.gr\/wp-content\/uploads\/2024\/11\/Margarita-Pats-Katri-300x300.jpg\" class=\"attachment-medium size-medium wp-image-193\" alt=\"\" srcset=\"https:\/\/pl-gr-business-gala.gr\/wp-content\/uploads\/2024\/11\/Margarita-Pats-Katri-300x300.jpg 300w, https:\/\/pl-gr-business-gala.gr\/wp-content\/uploads\/2024\/11\/Margarita-Pats-Katri-1024x1024.jpg 1024w, https:\/\/pl-gr-business-gala.gr\/wp-content\/uploads\/2024\/11\/Margarita-Pats-Katri-150x150.jpg 150w, https:\/\/pl-gr-business-gala.gr\/wp-content\/uploads\/2024\/11\/Margarita-Pats-Katri-768x767.jpg 768w, https:\/\/pl-gr-business-gala.gr\/wp-content\/uploads\/2024\/11\/Margarita-Pats-Katri.jpg 1367w\" sizes=\"(max-width: 300px) 100vw, 300px\" \/>\t\t\t\t\t\t\t\t\t\t\t\t\t<\/div>\n\t\t\t\t<\/div>\n\t\t\t\t<\/div>\n\t\t\t\t\t<\/div>\n\t\t\t\t<\/div>\n\t\t<div class=\"elementor-element elementor-element-c4c7091 e-flex e-con-boxed e-con e-parent\" data-id=\"c4c7091\" data-element_type=\"container\">\n\t\t\t\t\t<div class=\"e-con-inner\">\n\t\t\t\t<div class=\"elementor-element elementor-element-0f18750 elementor-widget elementor-widget-heading\" data-id=\"0f18750\" data-element_type=\"widget\" data-widget_type=\"heading.default\">\n\t\t\t\t<div class=\"elementor-widget-container\">\n\t\t\t<h2 class=\"elementor-heading-title elementor-size-default\">W kategorii \"Wymiana Handlowa\" Or\u0142a Wsp\u00f3\u0142pracy Polsko - Greckiej otrzymuje:<\/h2>\t\t<\/div>\n\t\t\t\t<\/div>\n\t\t\t\t\t<\/div>\n\t\t\t\t<\/div>\n\t\t<div class=\"elementor-element elementor-element-0973cc9 e-flex e-con-boxed e-con e-parent\" data-id=\"0973cc9\" data-element_type=\"container\">\n\t\t\t\t\t<div class=\"e-con-inner\">\n\t\t<div class=\"elementor-element elementor-element-3dc3887 e-con-full e-flex e-con e-child\" data-id=\"3dc3887\" data-element_type=\"container\">\n\t\t\t\t<div class=\"elementor-element elementor-element-a4857c8 elementor-widget elementor-widget-image\" data-id=\"a4857c8\" data-element_type=\"widget\" data-widget_type=\"image.default\">\n\t\t\t\t<div class=\"elementor-widget-container\">\n\t\t\t\t\t\t\t\t\t\t\t\t\t<img loading=\"lazy\" decoding=\"async\" width=\"375\" height=\"114\" src=\"https:\/\/pl-gr-business-gala.gr\/wp-content\/uploads\/2024\/11\/Zrzut-ekranu-2024-11-26-150318.png\" class=\"attachment-large size-large wp-image-151\" alt=\"\" srcset=\"https:\/\/pl-gr-business-gala.gr\/wp-content\/uploads\/2024\/11\/Zrzut-ekranu-2024-11-26-150318.png 375w, https:\/\/pl-gr-business-gala.gr\/wp-content\/uploads\/2024\/11\/Zrzut-ekranu-2024-11-26-150318-300x91.png 300w\" sizes=\"(max-width: 375px) 100vw, 375px\" \/>\t\t\t\t\t\t\t\t\t\t\t\t\t<\/div>\n\t\t\t\t<\/div>\n\t\t\t\t<\/div>\n\t\t<div class=\"elementor-element elementor-element-6a3eeeb e-con-full e-flex e-con e-child\" data-id=\"6a3eeeb\" data-element_type=\"container\">\n\t\t\t\t<div class=\"elementor-element elementor-element-95e4147 elementor-widget elementor-widget-text-editor\" data-id=\"95e4147\" data-element_type=\"widget\" data-widget_type=\"text-editor.default\">\n\t\t\t\t<div class=\"elementor-widget-container\">\n\t\t\t\t\t\t\t<p><em>Firma Goldair zas\u0142uguje na wyr\u00f3\u017cnienie za swoje niez\u0142omne zaanga\u017cowanie w rozw\u00f3j stosunk\u00f3w handlowych mi\u0119dzy Polsk\u0105 a Grecj\u0105, aktywnie promuj\u0105c inicjatywy gospodarcze, kt\u00f3re wzmacniaj\u0105 wi\u0119zi mi\u0119dzy tymi krajami. Przez ponad siedem dekad dzia\u0142alno\u015bci firma sta\u0142a si\u0119 nie tylko znacz\u0105cym graczem na rynku transportu i logistyki, ale r\u00f3wnie\u017c partnerem strategicznym wielu kluczowych firm, organizacji i instytucji. Jej dzia\u0142ania przyczyniaj\u0105 si\u0119 do zwi\u0119kszenia widoczno\u015bci polskich przedsi\u0119biorstw w Grecji oraz greckich firm w Polsce. Dzi\u0119ki organizacji i wsparciu wydarze\u0144, Goldair sta\u0142a si\u0119 ambasadorem wsp\u00f3\u0142pracy, promuj\u0105c warto\u015bci wsp\u00f3lnego rozwoju gospodarczego.<\/em><\/p><p><em>Wyr\u00f3\u017cniaj\u0105ce si\u0119 podej\u015bcie firmy do budowania relacji biznesowych oparte jest na profesjonalizmie, otwarto\u015bci na innowacje oraz g\u0142\u0119bokim zrozumieniu specyfiki obu rynk\u00f3w. Jej wieloletnia dzia\u0142alno\u015b\u0107 wzmacnia zaufanie, przynosz\u0105c korzy\u015bci zar\u00f3wno przedsi\u0119biorcom, jak i gospodarkom Polski i Grecji.<\/em><\/p>\t\t\t\t\t\t<\/div>\n\t\t\t\t<\/div>\n\t\t\t\t<\/div>\n\t\t\t\t\t<\/div>\n\t\t\t\t<\/div>\n\t\t<div class=\"elementor-element elementor-element-1318ea0 e-flex e-con-boxed e-con e-parent\" data-id=\"1318ea0\" data-element_type=\"container\">\n\t\t\t\t\t<div class=\"e-con-inner\">\n\t\t<div class=\"elementor-element elementor-element-4a31c19 e-con-full e-flex e-con e-child\" data-id=\"4a31c19\" data-element_type=\"container\">\n\t\t\t\t<div class=\"elementor-element elementor-element-4009ba7 elementor-widget elementor-widget-text-editor\" data-id=\"4009ba7\" data-element_type=\"widget\" data-widget_type=\"text-editor.default\">\n\t\t\t\t<div class=\"elementor-widget-container\">\n\t\t\t\t\t\t\t<p><em>The Business Insurance to firma, kt\u00f3ra odgrywa kluczow\u0105 rol\u0119 w budowaniu most\u00f3w handlowych pomi\u0119dzy Polsk\u0105 a Grecj\u0105 poprzez dostarczanie kompleksowych rozwi\u0105za\u0144 ubezpieczeniowych dedykowanych handlowi mi\u0119dzynarodowemu. Jej dzia\u0142alno\u015b\u0107 umo\u017cliwia przedsi\u0119biorcom skuteczne i bezpieczne prowadzenie transakcji, minimalizuj\u0105c ryzyko zwi\u0105zane z nieprzewidzianymi sytuacjami. Dzi\u0119ki specjalistycznej wiedzy firma wspiera rozw\u00f3j handlu, zapewniaj\u0105c stabilno\u015b\u0107 finansow\u0105 i operacyjn\u0105.<\/em><\/p><p><em>\u00a0Wspieraj\u0105c przedsi\u0119biorc\u00f3w zar\u00f3wno w Polsce, jak i w Grecji, firma wzmacnia ich pozycj\u0119 na rynkach globalnych oraz u\u0142atwia nawi\u0105zywanie nowych kontakt\u00f3w handlowych.<\/em><\/p><p><em>Jej zaanga\u017cowanie w rozw\u00f3j wymiany handlowej przejawia si\u0119 r\u00f3wnie\u017c w oferowaniu innowacyjnych produkt\u00f3w i us\u0142ug dostosowanych do zmieniaj\u0105cych si\u0119 potrzeb rynku. Dzi\u0119ki temu The Business Insurance przyczynia si\u0119 do zacie\u015bniania relacji biznesowych mi\u0119dzy oboma krajami, tworz\u0105c fundamenty dla trwa\u0142ej wsp\u00f3\u0142pracy gospodarczej. Stabilno\u015b\u0107 i pewno\u015b\u0107, kt\u00f3re zapewnia firma, s\u0105 kluczowe dla rozwoju polsko-greckiej wymiany handlowej, stanowi\u0105c przyk\u0142ad nowoczesnego podej\u015bcia do wsparcia mi\u0119dzynarodowego biznesu.<\/em><\/p>\t\t\t\t\t\t<\/div>\n\t\t\t\t<\/div>\n\t\t\t\t<\/div>\n\t\t<div class=\"elementor-element elementor-element-9143759 e-con-full e-flex e-con e-child\" data-id=\"9143759\" data-element_type=\"container\">\n\t\t\t\t<div class=\"elementor-element elementor-element-7cfeb45 elementor-widget elementor-widget-image\" data-id=\"7cfeb45\" data-element_type=\"widget\" data-widget_type=\"image.default\">\n\t\t\t\t<div class=\"elementor-widget-container\">\n\t\t\t\t\t\t\t\t\t\t\t\t\t<img loading=\"lazy\" decoding=\"async\" width=\"513\" height=\"500\" src=\"https:\/\/pl-gr-business-gala.gr\/wp-content\/uploads\/2024\/11\/Obraz1.jpg\" class=\"attachment-1536x1536 size-1536x1536 wp-image-153\" alt=\"\" srcset=\"https:\/\/pl-gr-business-gala.gr\/wp-content\/uploads\/2024\/11\/Obraz1.jpg 513w, https:\/\/pl-gr-business-gala.gr\/wp-content\/uploads\/2024\/11\/Obraz1-300x292.jpg 300w\" sizes=\"(max-width: 513px) 100vw, 513px\" \/>\t\t\t\t\t\t\t\t\t\t\t\t\t<\/div>\n\t\t\t\t<\/div>\n\t\t\t\t<\/div>\n\t\t\t\t\t<\/div>\n\t\t\t\t<\/div>\n\t\t<div class=\"elementor-element elementor-element-c8fdd9a e-flex e-con-boxed e-con e-parent\" data-id=\"c8fdd9a\" data-element_type=\"container\">\n\t\t\t\t\t<div class=\"e-con-inner\">\n\t\t\t\t<div class=\"elementor-element elementor-element-d2e4748 elementor-widget elementor-widget-heading\" data-id=\"d2e4748\" data-element_type=\"widget\" data-widget_type=\"heading.default\">\n\t\t\t\t<div class=\"elementor-widget-container\">\n\t\t\t<h2 class=\"elementor-heading-title elementor-size-default\">W kategorii \"Osobowo\u015b\u0107 Polonijna\" \nOr\u0142a Polsko-Greckiej Wsp\u00f3\u0142pracy \notrzymuje:<\/h2>\t\t<\/div>\n\t\t\t\t<\/div>\n\t\t\t\t\t<\/div>\n\t\t\t\t<\/div>\n\t\t<div class=\"elementor-element elementor-element-07c74c2 e-flex e-con-boxed e-con e-parent\" data-id=\"07c74c2\" data-element_type=\"container\">\n\t\t\t\t\t<div class=\"e-con-inner\">\n\t\t<div class=\"elementor-element elementor-element-ebe8a44 e-con-full e-flex e-con e-child\" data-id=\"ebe8a44\" data-element_type=\"container\">\n\t\t\t\t<div class=\"elementor-element elementor-element-5f50358 elementor-widget elementor-widget-image\" data-id=\"5f50358\" data-element_type=\"widget\" data-widget_type=\"image.default\">\n\t\t\t\t<div class=\"elementor-widget-container\">\n\t\t\t\t\t\t\t\t\t\t\t\t\t<img loading=\"lazy\" decoding=\"async\" width=\"242\" height=\"300\" src=\"https:\/\/pl-gr-business-gala.gr\/wp-content\/uploads\/2024\/11\/Tomasz-Dzwilewski-242x300.jpg\" class=\"attachment-medium size-medium wp-image-167\" alt=\"\" srcset=\"https:\/\/pl-gr-business-gala.gr\/wp-content\/uploads\/2024\/11\/Tomasz-Dzwilewski-242x300.jpg 242w, https:\/\/pl-gr-business-gala.gr\/wp-content\/uploads\/2024\/11\/Tomasz-Dzwilewski-825x1024.jpg 825w, https:\/\/pl-gr-business-gala.gr\/wp-content\/uploads\/2024\/11\/Tomasz-Dzwilewski-768x954.jpg 768w, https:\/\/pl-gr-business-gala.gr\/wp-content\/uploads\/2024\/11\/Tomasz-Dzwilewski-1237x1536.jpg 1237w, https:\/\/pl-gr-business-gala.gr\/wp-content\/uploads\/2024\/11\/Tomasz-Dzwilewski.jpg 1649w\" sizes=\"(max-width: 242px) 100vw, 242px\" \/>\t\t\t\t\t\t\t\t\t\t\t\t\t<\/div>\n\t\t\t\t<\/div>\n\t\t\t\t<\/div>\n\t\t<div class=\"elementor-element elementor-element-75eeb93 e-con-full e-flex e-con e-child\" data-id=\"75eeb93\" data-element_type=\"container\">\n\t\t\t\t<div class=\"elementor-element elementor-element-b4928cd elementor-widget elementor-widget-text-editor\" data-id=\"b4928cd\" data-element_type=\"widget\" data-widget_type=\"text-editor.default\">\n\t\t\t\t<div class=\"elementor-widget-container\">\n\t\t\t\t\t\t\t<p><strong>Tomasz D\u017awilewski<\/strong><\/p><p><em>P<\/em><em>rzez wiele\u00a0 lat by\u0142 a aktywnym liderem w polonijnej spo\u0142eczno\u015bci w Atenach. Dzi\u0119ki swojemu zaanga\u017cowaniu zorganizowa\u0142 liczne inicjatywy promuj\u0105ce polsk\u0105 kultur\u0119 i tradycje, w tym wydarzenia tj Bal Sportowca, Wielka Orkiestra \u015awi\u0105tecznej Pomocy. By\u0142 inicjatorem projekt\u00f3w tj Wakacje z U\u015bmiechem, dzi\u0119ki kt\u00f3remu kilkaset dzieci z domu dziecka w Polsce przyjecha\u0142y na wakacje do Grecji, a\u00a0 kt\u00f3re przyczynia\u0142y si\u0119 do integracji Polonii, a tak\u017ce umacniania wi\u0119zi mi\u0119dzy Polakami a spo\u0142eczno\u015bci\u0105 greck\u0105.<\/em><\/p><p><em>Jego praca w ramach Zwi\u0105zku Polonijnym ,,Panpolonikos\u201d odegra\u0142a kluczow\u0105 rol\u0119 w promocji sportu w\u015br\u00f3d m\u0142odszego i starszego pokolenia Polak\u00f3w w Grecji. Dzi\u0119ki czemu jego dzia\u0142alno\u015b\u0107 zyska\u0142a szerokie uznanie w\u015br\u00f3d Polonii.<\/em><\/p><p><strong>\u00a0<\/strong><\/p>\t\t\t\t\t\t<\/div>\n\t\t\t\t<\/div>\n\t\t\t\t<\/div>\n\t\t\t\t\t<\/div>\n\t\t\t\t<\/div>\n\t\t<div class=\"elementor-element elementor-element-8ece41e e-flex e-con-boxed e-con e-parent\" data-id=\"8ece41e\" data-element_type=\"container\">\n\t\t\t\t\t<div class=\"e-con-inner\">\n\t\t\t\t<div class=\"elementor-element elementor-element-ff3e983 elementor-widget elementor-widget-heading\" data-id=\"ff3e983\" data-element_type=\"widget\" data-widget_type=\"heading.default\">\n\t\t\t\t<div class=\"elementor-widget-container\">\n\t\t\t<h2 class=\"elementor-heading-title elementor-size-default\">Szczeg\u00f3lne wyr\u00f3\u017cnienie w tej samej kategorii otrzymuje :<\/h2>\t\t<\/div>\n\t\t\t\t<\/div>\n\t\t\t\t\t<\/div>\n\t\t\t\t<\/div>\n\t\t<div class=\"elementor-element elementor-element-8fd2603 e-flex e-con-boxed e-con e-parent\" data-id=\"8fd2603\" data-element_type=\"container\">\n\t\t\t\t\t<div class=\"e-con-inner\">\n\t\t<div class=\"elementor-element elementor-element-2b4fc0b e-con-full e-flex e-con e-child\" data-id=\"2b4fc0b\" data-element_type=\"container\">\n\t\t\t\t<div class=\"elementor-element elementor-element-c1d34a5 elementor-widget elementor-widget-text-editor\" data-id=\"c1d34a5\" data-element_type=\"widget\" data-widget_type=\"text-editor.default\">\n\t\t\t\t<div class=\"elementor-widget-container\">\n\t\t\t\t\t\t\t<p><strong>Vasylis Zangle<\/strong><\/p><p><em>Vasylis Zangle zosta\u0142 nominowany za swoje wieloletnie zaanga\u017cowanie w pomoc Polakom mieszkaj\u0105cym oraz podr\u00f3\u017cuj\u0105cym do Grecji. Jego polsko-greckie biuro podr\u00f3\u017cy dzia\u0142a od lat i stanowi przyk\u0142ad nie tylko profesjonalizmu, ale tak\u017ce ogromnego wsparcia dla polskiej spo\u0142eczno\u015bci. Vasylis jest zawsze gotowy, aby wesprze\u0107 polskie inicjatywy kulturalne i spo\u0142eczne, a jego gotowo\u015b\u0107 do pomocy potrzebuj\u0105cym zaskarbi\u0142a mu sympati\u0119 oraz wdzi\u0119czno\u015b\u0107 licznych rodak\u00f3w. To cz\u0142owiek, kt\u00f3ry \u0142\u0105czy biznes z misj\u0105 wsparcia i integracji Polonii.<\/em><\/p>\t\t\t\t\t\t<\/div>\n\t\t\t\t<\/div>\n\t\t\t\t<\/div>\n\t\t<div class=\"elementor-element elementor-element-0b19f55 e-con-full e-flex e-con e-child\" data-id=\"0b19f55\" data-element_type=\"container\">\n\t\t\t\t<div class=\"elementor-element elementor-element-b424888 elementor-widget elementor-widget-image\" data-id=\"b424888\" data-element_type=\"widget\" data-widget_type=\"image.default\">\n\t\t\t\t<div class=\"elementor-widget-container\">\n\t\t\t\t\t\t\t\t\t\t\t\t\t<img loading=\"lazy\" decoding=\"async\" width=\"300\" height=\"300\" src=\"https:\/\/pl-gr-business-gala.gr\/wp-content\/uploads\/2024\/11\/Vasilis-Zangle-300x300.jpg\" class=\"attachment-medium size-medium wp-image-168\" alt=\"\" srcset=\"https:\/\/pl-gr-business-gala.gr\/wp-content\/uploads\/2024\/11\/Vasilis-Zangle-300x300.jpg 300w, https:\/\/pl-gr-business-gala.gr\/wp-content\/uploads\/2024\/11\/Vasilis-Zangle-1024x1024.jpg 1024w, https:\/\/pl-gr-business-gala.gr\/wp-content\/uploads\/2024\/11\/Vasilis-Zangle-150x150.jpg 150w, https:\/\/pl-gr-business-gala.gr\/wp-content\/uploads\/2024\/11\/Vasilis-Zangle-768x768.jpg 768w, https:\/\/pl-gr-business-gala.gr\/wp-content\/uploads\/2024\/11\/Vasilis-Zangle.jpg 1229w\" sizes=\"(max-width: 300px) 100vw, 300px\" \/>\t\t\t\t\t\t\t\t\t\t\t\t\t<\/div>\n\t\t\t\t<\/div>\n\t\t\t\t<\/div>\n\t\t\t\t\t<\/div>\n\t\t\t\t<\/div>\n\t\t<div class=\"elementor-element elementor-element-195e6c7 e-flex e-con-boxed e-con e-parent\" data-id=\"195e6c7\" data-element_type=\"container\">\n\t\t\t\t\t<div class=\"e-con-inner\">\n\t\t<div class=\"elementor-element elementor-element-d712d18 e-con-full e-flex e-con e-child\" data-id=\"d712d18\" data-element_type=\"container\">\n\t\t\t\t<div class=\"elementor-element elementor-element-e588623 elementor-widget elementor-widget-image\" data-id=\"e588623\" data-element_type=\"widget\" data-widget_type=\"image.default\">\n\t\t\t\t<div class=\"elementor-widget-container\">\n\t\t\t\t\t\t\t\t\t\t\t\t\t<img loading=\"lazy\" decoding=\"async\" width=\"196\" height=\"300\" src=\"https:\/\/pl-gr-business-gala.gr\/wp-content\/uploads\/2024\/11\/Pani-Anna-Sardis-196x300.jpg\" class=\"attachment-medium size-medium wp-image-169\" alt=\"\" srcset=\"https:\/\/pl-gr-business-gala.gr\/wp-content\/uploads\/2024\/11\/Pani-Anna-Sardis-196x300.jpg 196w, https:\/\/pl-gr-business-gala.gr\/wp-content\/uploads\/2024\/11\/Pani-Anna-Sardis.jpg 553w\" sizes=\"(max-width: 196px) 100vw, 196px\" \/>\t\t\t\t\t\t\t\t\t\t\t\t\t<\/div>\n\t\t\t\t<\/div>\n\t\t\t\t<\/div>\n\t\t<div class=\"elementor-element elementor-element-d9c6722 e-con-full e-flex e-con e-child\" data-id=\"d9c6722\" data-element_type=\"container\">\n\t\t\t\t<div class=\"elementor-element elementor-element-6e8d54e elementor-widget elementor-widget-text-editor\" data-id=\"6e8d54e\" data-element_type=\"widget\" data-widget_type=\"text-editor.default\">\n\t\t\t\t<div class=\"elementor-widget-container\">\n\t\t\t\t\t\t\t<p><strong>Anna Sardis<\/strong><\/p><p><em>Anna Sardis, Dyrektor Szko\u0142y Polskiej w Atenach, zas\u0142uguje na uznanie za swoje nieocenione dzia\u0142ania w dziedzinie edukacji polonijnej. Jej determinacja i oddanie w prowadzeniu szko\u0142y oraz dbanie o edukacj\u0119 m\u0142odego pokolenia Polak\u00f3w w Grecji stanowi\u0105 fundament kszta\u0142cenia dzieci i m\u0142odzie\u017cy. Dzi\u0119ki jej zaanga\u017cowaniu szko\u0142a nie tylko zapewnia wysoki poziom nauczania, ale tak\u017ce piel\u0119gnuje polskie tradycje i kultur\u0119, co wzmacnia wi\u0119zi polonijne w Grecji.<\/em><\/p>\t\t\t\t\t\t<\/div>\n\t\t\t\t<\/div>\n\t\t\t\t<\/div>\n\t\t\t\t\t<\/div>\n\t\t\t\t<\/div>\n\t\t<div class=\"elementor-element elementor-element-56a239a e-flex e-con-boxed e-con e-parent\" data-id=\"56a239a\" data-element_type=\"container\">\n\t\t\t\t\t<div class=\"e-con-inner\">\n\t\t\t\t<div class=\"elementor-element elementor-element-d626c15 elementor-widget elementor-widget-heading\" data-id=\"d626c15\" data-element_type=\"widget\" data-widget_type=\"heading.default\">\n\t\t\t\t<div class=\"elementor-widget-container\">\n\t\t\t<h2 class=\"elementor-heading-title elementor-size-default\">W kategorii\n \"Dzia\u0142alno\u015b\u0107 Promocyjna (Blogi, Vlogi, Strony Internetowe)\" \nOr\u0142a Polsko-Greckiej Wsp\u00f3\u0142pracy \notrzymuje :<\/h2>\t\t<\/div>\n\t\t\t\t<\/div>\n\t\t\t\t\t<\/div>\n\t\t\t\t<\/div>\n\t\t<div class=\"elementor-element elementor-element-7d95372 e-flex e-con-boxed e-con e-parent\" data-id=\"7d95372\" data-element_type=\"container\">\n\t\t\t\t\t<div class=\"e-con-inner\">\n\t\t<div class=\"elementor-element elementor-element-3ce78c2 e-con-full e-flex e-con e-child\" data-id=\"3ce78c2\" data-element_type=\"container\">\n\t\t\t\t<div class=\"elementor-element elementor-element-5441d37 elementor-widget elementor-widget-text-editor\" data-id=\"5441d37\" data-element_type=\"widget\" data-widget_type=\"text-editor.default\">\n\t\t\t\t<div class=\"elementor-widget-container\">\n\t\t\t\t\t\t\t<p><strong>Marzena Mawridis <\/strong><strong>Polonorama &#8211; Polonia Grecka<\/strong><\/p><p><em>Za wyj\u0105tkowy wk\u0142ad w popularyzacj\u0119 polskiej i greckiej kultury, tradycji oraz \u017cycia codziennego w\u015br\u00f3d polskich i greckich \u00a0odbiorc\u00f3w. Przez swoje inspiruj\u0105ce tre\u015bci, przybli\u017ca swoim\u00a0 czytelnikom fascynuj\u0105ce aspekty polskiej i greckiej rzeczywisto\u015bci, pozwalaj\u0105c na lepsze zrozumienie Polski przez Grek\u00f3w i Grecji przez Polak\u00f3w.<\/em><\/p><p><em>Wyr\u00f3\u017cnia si\u0119 nie tylko ciekaw\u0105 tematyk\u0105, ale tak\u017ce wysok\u0105 jako\u015bci\u0105 tre\u015bci, kt\u00f3re obejmuj\u0105 r\u00f3\u017cnorodne tematy \u2013 od kultury i kuchni, poprzez turystyk\u0119, a\u017c po histori\u0119 oraz codzienne \u017cycie Grek\u00f3w. Szczeg\u00f3ln\u0105 uwag\u0119 przyci\u0105gaj\u0105 przyst\u0119pnie opisane zwyczaje greckie, tradycje kulinarne, festiwale, a tak\u017ce osobiste historie z \u017cycia w Grecji, co tworzy obraz kraju widziany oczami Polaka. To sprawia, \u017ce jej vlog jest cennym \u017ar\u00f3d\u0142em wiedzy oraz inspiracji dla tych, kt\u00f3rzy chc\u0105 lepiej pozna\u0107 Grecj\u0119 lub planuj\u0105 podr\u00f3\u017c.<\/em><\/p>\t\t\t\t\t\t<\/div>\n\t\t\t\t<\/div>\n\t\t\t\t<\/div>\n\t\t<div class=\"elementor-element elementor-element-cf10691 e-con-full e-flex e-con e-child\" data-id=\"cf10691\" data-element_type=\"container\">\n\t\t\t\t<div class=\"elementor-element elementor-element-cb58d24 elementor-widget elementor-widget-image\" data-id=\"cb58d24\" data-element_type=\"widget\" data-widget_type=\"image.default\">\n\t\t\t\t<div class=\"elementor-widget-container\">\n\t\t\t\t\t\t\t\t\t\t\t\t\t\t<a href=\"https:\/\/polonorama.com\/\" target=\"_blank\">\n\t\t\t\t\t\t\t<img loading=\"lazy\" decoding=\"async\" width=\"352\" height=\"60\" src=\"https:\/\/pl-gr-business-gala.gr\/wp-content\/uploads\/2024\/11\/polonorama-logo2.png\" class=\"attachment-large size-large wp-image-177\" alt=\"\" srcset=\"https:\/\/pl-gr-business-gala.gr\/wp-content\/uploads\/2024\/11\/polonorama-logo2.png 352w, https:\/\/pl-gr-business-gala.gr\/wp-content\/uploads\/2024\/11\/polonorama-logo2-300x51.png 300w\" sizes=\"(max-width: 352px) 100vw, 352px\" \/>\t\t\t\t\t\t\t\t<\/a>\n\t\t\t\t\t\t\t\t\t\t\t\t\t<\/div>\n\t\t\t\t<\/div>\n\t\t\t\t<\/div>\n\t\t\t\t\t<\/div>\n\t\t\t\t<\/div>\n\t\t<div class=\"elementor-element elementor-element-7e9b96f e-flex e-con-boxed e-con e-parent\" data-id=\"7e9b96f\" data-element_type=\"container\">\n\t\t\t\t\t<div class=\"e-con-inner\">\n\t\t\t\t<div class=\"elementor-element elementor-element-3da94f9 elementor-widget elementor-widget-text-editor\" data-id=\"3da94f9\" data-element_type=\"widget\" data-widget_type=\"text-editor.default\">\n\t\t\t\t<div class=\"elementor-widget-container\">\n\t\t\t\t\t\t\t<h4><em>Wszystkim nominowanym firmom, instytucjom oraz osobom serdecznie gratulujemy !!!<\/em><\/h4>\t\t\t\t\t\t<\/div>\n\t\t\t\t<\/div>\n\t\t\t\t\t<\/div>\n\t\t\t\t<\/div>\n\t\t\t\t<\/div>\n\t\t","protected":false},"excerpt":{"rendered":"<p>W poszczeg\u00f3lnych kategoriach Or\u0142a Polsko &#8211; Greckiej Wsp\u00f3\u0142pracy 2024 oraz szczeg\u00f3lne wyr\u00f3\u017cnienie otrzyma\u0142y nast\u0119puj\u0105ce firmy i osoby: W kategorii Sta\u0142a Obecno\u015b\u0107 Polskiej Firmy na Rynku Greckim &#8211; Firma najd\u0142u\u017cej utrzymuj\u0105ca si\u0119 na rynku Or\u0142a polsko greckiej wsp\u00f3\u0142pracy otrzymuje firma: Zanko Tours zas\u0142uguje na nominacj\u0119 za swoj\u0105 d\u0142ugoletni\u0105 i nieprzerwan\u0105 dzia\u0142alno\u015b\u0107 na rynku greckim. Firma od [&hellip;]<\/p>\n","protected":false},"author":1,"featured_media":0,"parent":0,"menu_order":0,"comment_status":"closed","ping_status":"closed","template":"","meta":{"_monsterinsights_skip_tracking":false,"_monsterinsights_sitenote_active":false,"_monsterinsights_sitenote_note":"","_monsterinsights_sitenote_category":0,"footnotes":""},"class_list":["post-17","page","type-page","status-publish","hentry"],"_links":{"self":[{"href":"https:\/\/pl-gr-business-gala.gr\/index.php?rest_route=\/wp\/v2\/pages\/17","targetHints":{"allow":["GET"]}}],"collection":[{"href":"https:\/\/pl-gr-business-gala.gr\/index.php?rest_route=\/wp\/v2\/pages"}],"about":[{"href":"https:\/\/pl-gr-business-gala.gr\/index.php?rest_route=\/wp\/v2\/types\/page"}],"author":[{"embeddable":true,"href":"https:\/\/pl-gr-business-gala.gr\/index.php?rest_route=\/wp\/v2\/users\/1"}],"replies":[{"embeddable":true,"href":"https:\/\/pl-gr-business-gala.gr\/index.php?rest_route=%2Fwp%2Fv2%2Fcomments&post=17"}],"version-history":[{"count":42,"href":"https:\/\/pl-gr-business-gala.gr\/index.php?rest_route=\/wp\/v2\/pages\/17\/revisions"}],"predecessor-version":[{"id":362,"href":"https:\/\/pl-gr-business-gala.gr\/index.php?rest_route=\/wp\/v2\/pages\/17\/revisions\/362"}],"wp:attachment":[{"href":"https:\/\/pl-gr-business-gala.gr\/index.php?rest_route=%2Fwp%2Fv2%2Fmedia&parent=17"}],"curies":[{"name":"wp","href":"https:\/\/api.w.org\/{rel}","templated":true}]}}